{"id":30028,"date":"2024-04-11T22:20:22","date_gmt":"2024-04-11T20:20:22","guid":{"rendered":"https:\/\/emsge.ch\/?page_id=30028"},"modified":"2024-05-06T13:27:46","modified_gmt":"2024-05-06T11:27:46","slug":"cours-de-solfege-geneve","status":"publish","type":"page","link":"https:\/\/emsge.ch\/en\/cours-de-solfege-geneve\/","title":{"rendered":"Music theory"},"content":{"rendered":"<div data-elementor-type=\"wp-post\" data-elementor-id=\"30028\" class=\"elementor elementor-30028\" data-elementor-post-type=\"page\">\n\t\t\t\t\t\t<section class=\"elementor-section elementor-top-section elementor-element elementor-element-18bde71 elementor-section-boxed elementor-section-height-default elementor-section-height-default\" data-id=\"18bde71\" data-element_type=\"section\" data-settings=\"{&quot;background_background&quot;:&quot;classic&quot;}\">\n\t\t\t\t\t\t<div class=\"elementor-container elementor-column-gap-no\">\n\t\t\t\t\t<div class=\"elementor-column elementor-col-50 elementor-top-column elementor-element elementor-element-39fc9d3\" data-id=\"39fc9d3\" data-element_type=\"column\" data-settings=\"{&quot;background_background&quot;:&quot;classic&quot;,&quot;background_motion_fx_translateY_effect&quot;:&quot;yes&quot;,&quot;background_motion_fx_translateY_speed&quot;:{&quot;unit&quot;:&quot;px&quot;,&quot;size&quot;:2,&quot;sizes&quot;:[]},&quot;background_motion_fx_motion_fx_scrolling&quot;:&quot;yes&quot;,&quot;background_motion_fx_translateY_affectedRange&quot;:{&quot;unit&quot;:&quot;%&quot;,&quot;size&quot;:&quot;&quot;,&quot;sizes&quot;:{&quot;start&quot;:0,&quot;end&quot;:100}},&quot;background_motion_fx_devices&quot;:[&quot;desktop&quot;,&quot;tablet&quot;,&quot;mobile_extra&quot;,&quot;mobile&quot;]}\">\n\t\t\t<div class=\"elementor-widget-wrap elementor-element-populated\">\n\t\t\t\t\t\t<div class=\"elementor-element elementor-element-2d62c81 elementor-widget elementor-widget-spacer\" data-id=\"2d62c81\" data-element_type=\"widget\" data-widget_type=\"spacer.default\">\n\t\t\t\t<div class=\"elementor-widget-container\">\n\t\t\t\t\t\t\t<div class=\"elementor-spacer\">\n\t\t\t<div class=\"elementor-spacer-inner\"><\/div>\n\t\t<\/div>\n\t\t\t\t\t\t<\/div>\n\t\t\t\t<\/div>\n\t\t\t\t\t<\/div>\n\t\t<\/div>\n\t\t\t\t<div class=\"elementor-column elementor-col-50 elementor-top-column elementor-element elementor-element-28c72e7\" data-id=\"28c72e7\" data-element_type=\"column\">\n\t\t\t<div class=\"elementor-widget-wrap elementor-element-populated\">\n\t\t\t\t\t\t<div class=\"elementor-element elementor-element-7c007cf elementor-widget elementor-widget-heading\" data-id=\"7c007cf\" data-element_type=\"widget\" data-settings=\"{&quot;_animation&quot;:&quot;none&quot;}\" data-widget_type=\"heading.default\">\n\t\t\t\t<div class=\"elementor-widget-container\">\n\t\t\t\t\t<h2 class=\"elementor-heading-title elementor-size-default\">PROFESSOR OF<\/h2>\t\t\t\t<\/div>\n\t\t\t\t<\/div>\n\t\t\t\t<div class=\"elementor-element elementor-element-93f8e84 elementor-widget elementor-widget-image\" data-id=\"93f8e84\" data-element_type=\"widget\" data-no-translation=\"\" data-widget_type=\"image.default\">\n\t\t\t\t<div class=\"elementor-widget-container\">\n\t\t\t\t\t<style>.elementor-element-93f8e84{display:none !important}<\/style>\t\t\t\t<\/div>\n\t\t\t\t<\/div>\n\t\t\t\t<div class=\"elementor-element elementor-element-a11e260 elementor-hidden-mobile_extra elementor-hidden-mobile elementor-widget elementor-widget-image\" data-id=\"a11e260\" data-element_type=\"widget\" data-no-translation=\"\" data-widget_type=\"image.default\">\n\t\t\t\t<div class=\"elementor-widget-container\">\n\t\t\t\t\t\t\t\t\t\t\t\t\t\t\t<img decoding=\"async\" src=\"https:\/\/emsge.ch\/wp-content\/uploads\/2024\/05\/EMSG-solfege-EN.svg\" class=\"attachment-full size-full wp-image-30160\" alt=\"\" \/>\t\t\t\t\t\t\t\t\t\t\t\t\t\t\t<\/div>\n\t\t\t\t<\/div>\n\t\t\t\t<div class=\"elementor-element elementor-element-4948118 elementor-hidden-desktop elementor-hidden-tablet elementor-widget elementor-widget-image\" data-id=\"4948118\" data-element_type=\"widget\" data-no-translation=\"\" data-widget_type=\"image.default\">\n\t\t\t\t<div class=\"elementor-widget-container\">\n\t\t\t\t\t\t\t\t\t\t\t\t\t\t\t<img decoding=\"async\" src=\"https:\/\/emsge.ch\/wp-content\/uploads\/2024\/05\/EMSG-solfege2-EN.svg\" class=\"attachment-full size-full wp-image-30161\" alt=\"\" \/>\t\t\t\t\t\t\t\t\t\t\t\t\t\t\t<\/div>\n\t\t\t\t<\/div>\n\t\t\t\t<section class=\"elementor-section elementor-inner-section elementor-element elementor-element-dea0d20 elementor-section-boxed elementor-section-height-default elementor-section-height-default\" data-id=\"dea0d20\" data-element_type=\"section\">\n\t\t\t\t\t\t<div class=\"elementor-container elementor-column-gap-no\">\n\t\t\t\t\t<div class=\"elementor-column elementor-col-50 elementor-inner-column elementor-element elementor-element-3bdf0e8\" data-id=\"3bdf0e8\" data-element_type=\"column\">\n\t\t\t<div class=\"elementor-widget-wrap elementor-element-populated\">\n\t\t\t\t\t\t<div class=\"elementor-element elementor-element-f66f5c9 elementor-widget elementor-widget-heading\" data-id=\"f66f5c9\" data-element_type=\"widget\" data-widget_type=\"heading.default\">\n\t\t\t\t<div class=\"elementor-widget-container\">\n\t\t\t\t\t<h2 class=\"elementor-heading-title elementor-size-default\">Luisa Florez<\/h2>\t\t\t\t<\/div>\n\t\t\t\t<\/div>\n\t\t\t\t<div class=\"elementor-element elementor-element-5a78a37 elementor-widget elementor-widget-heading\" data-id=\"5a78a37\" data-element_type=\"widget\" data-widget_type=\"heading.default\">\n\t\t\t\t<div class=\"elementor-widget-container\">\n\t\t\t\t\t<h2 class=\"elementor-heading-title elementor-size-default\">Luisa Florez received her musical, vocal, and academic training in Medellin, Colombia. With a Bachelor's degree in Music and Choral and Orchestral Conducting in hand, she flew to Switzerland. She continued her studies at the Haute Ecole de Musique in Geneva where, in 2013, she obtained her Master of Arts in musical interpretation and, in 2016, her Master's in composition and music theory. For many years, she has been teaching music initiation and solfeggio in music schools. She also conducts several vocal ensembles in Geneva and the canton of Vaud.\n<\/h2>\t\t\t\t<\/div>\n\t\t\t\t<\/div>\n\t\t\t\t\t<\/div>\n\t\t<\/div>\n\t\t\t\t<div class=\"elementor-column elementor-col-50 elementor-inner-column elementor-element elementor-element-5a05087\" data-id=\"5a05087\" data-element_type=\"column\">\n\t\t\t<div class=\"elementor-widget-wrap\">\n\t\t\t\t\t\t\t<\/div>\n\t\t<\/div>\n\t\t\t\t\t<\/div>\n\t\t<\/section>\n\t\t\t\t<section class=\"elementor-section elementor-inner-section elementor-element elementor-element-37455a6 elementor-section-boxed elementor-section-height-default elementor-section-height-default\" data-id=\"37455a6\" data-element_type=\"section\">\n\t\t\t\t\t\t<div class=\"elementor-container elementor-column-gap-default\">\n\t\t\t\t\t<div class=\"elementor-column elementor-col-50 elementor-inner-column elementor-element elementor-element-0ff446c elementor-hidden-tablet\" data-id=\"0ff446c\" data-element_type=\"column\">\n\t\t\t<div class=\"elementor-widget-wrap\">\n\t\t\t\t\t\t\t<\/div>\n\t\t<\/div>\n\t\t\t\t<div class=\"elementor-column elementor-col-50 elementor-inner-column elementor-element elementor-element-bf24e70\" data-id=\"bf24e70\" data-element_type=\"column\">\n\t\t\t<div class=\"elementor-widget-wrap elementor-element-populated\">\n\t\t\t\t\t\t<div class=\"elementor-element elementor-element-e9ad8f7 elementor-widget elementor-widget-tp-accordion\" data-id=\"e9ad8f7\" data-element_type=\"widget\" data-widget_type=\"tp-accordion.default\">\n\t\t\t\t<div class=\"elementor-widget-container\">\n\t\t\t\t\t\r\n\t\t<div class=\"theplus-accordion-wrapper elementor-accordion\" id=\"accordion69f125c4c6d54\" data-accordion-id=\"accordion69f125c4c6d54\" data-connection=\"\" data-accordion-type=\"accordion\" data-heightlight-text role=\"tablist\" > \r\n\t\t\r\n\t\t\t\t\t\t<div class=\"theplus-accordion-item\"  role=\"tab\">\r\n\t\t\t\t\t<div id=\"elementor-tab-title-2451\" class=\"elementor-tab-title plus-accordion-header active-default text-left\" data-tab=\"1\" aria-controls=\"elementor-tab-content-2451\"\t\t\t\t\t>\r\n\t\t\t\t\t\t\t\t\t\t\t\r\n\t\t\t\t\t\t<span style=\"width:100%\">Musical awakening<br>Wednesday 9:45 AM - 10:30 AM<\/span>\t\t\t\t\t\t<span class=\"elementor-accordion-icon elementor-accordion-icon-right\" aria-hidden=\"true\"><i class=\"elementor-accordion-icon-closed fa fa-plus\"><\/i><i class=\"elementor-accordion-icon-opened fa fa-minus\"><\/i><\/span>\t\t\t\t\t<\/div>\r\n\r\n\t\t\t\t\t\t\t\t\t\t\t<div \r\n\t\t\t\t\t\tid=\"elementor-tab-content-2451\" class=\"elementor-tab-content elementor-clearfix plus-accordion-content active-default\" data-tab=\"1\" role=\"tabpanel\" aria-labelledby=\"elementor-tab-title-2451\"\t\t\t\t\t\t> \r\n\t\t\t\t\t\t\t\t\t\t<div class=\"plus-content-editor\" >Based on singing, \"Le Jardin des Chansons\" promotes the discovery of a traditional and contemporary repertoire of nursery rhymes, action songs, and finger games to develop fine motor skills. Sound games with percussion instruments are also part of the program, as well as targeted educational activities aimed at gradually fostering the child's autonomy. With the assistance and reassuring presence of the adult, this class strengthens the creative and emotional bonds between children and their parents.\n<br>\n<u>Age: From 2 years old<\/u><\/div>\t\t\t\t\t\r\n\t\t\t\t\t\t<\/div> \r\n\t\t\t\t\t\t\t\t\t\t\r\n\t\t\t\t<\/div> \r\n\t\t\t\t\t\t\t\t<div class=\"theplus-accordion-item\"  role=\"tab\">\r\n\t\t\t\t\t<div id=\"elementor-tab-title-2452\" class=\"elementor-tab-title plus-accordion-header no text-left\" data-tab=\"2\" aria-controls=\"elementor-tab-content-2452\"\t\t\t\t\t>\r\n\t\t\t\t\t\t\t\t\t\t\t\r\n\t\t\t\t\t\t<span style=\"width:100%\">Musical initiation<br>Wednesday 10:30 AM - 11:15 AM<\/span>\t\t\t\t\t\t<span class=\"elementor-accordion-icon elementor-accordion-icon-right\" aria-hidden=\"true\"><i class=\"elementor-accordion-icon-closed fa fa-plus\"><\/i><i class=\"elementor-accordion-icon-opened fa fa-minus\"><\/i><\/span>\t\t\t\t\t<\/div>\r\n\r\n\t\t\t\t\t\t\t\t\t\t\t<div \r\n\t\t\t\t\t\tid=\"elementor-tab-content-2452\" class=\"elementor-tab-content elementor-clearfix plus-accordion-content no\" data-tab=\"2\" role=\"tabpanel\" aria-labelledby=\"elementor-tab-title-2452\"\t\t\t\t\t\t> \r\n\t\t\t\t\t\t\t\t\t\t<div class=\"plus-content-editor\" >Musical initiation begins at the age of 4 and is accessible to all children. It precedes and prepares for the practice of solfeggio and instrument playing.\nMusical education is an interactive method that demands the active participation of the child. It starts from the concrete (activities involving manipulable objects, as well as physical realities such as sound, singing, movement) to reach the abstract (concerning notions such as high, low, note names, leading to conventional musical symbols).\n<br><br>\nWe aim to:\n<br>\nA) Develop musical ear\n<br>\nB) Develop sense of rhythm and tempo\n<br>\nC) Develop melodic and tonal sense and prepare for instrumental practice\n<br>\nD) Acquire a wide repertoire of songs\n<br>\nE) Foster imagination and a taste for invention\n<br>\n<u>Age: 1st Grade, 2nd Grade, 3rd Grade (Harmos)<\/u><\/div>\t\t\t\t\t\r\n\t\t\t\t\t\t<\/div> \r\n\t\t\t\t\t\t\t\t\t\t\r\n\t\t\t\t<\/div> \r\n\t\t\t\t\t\t\t\t<div class=\"theplus-accordion-item\"  role=\"tab\">\r\n\t\t\t\t\t<div id=\"elementor-tab-title-2453\" class=\"elementor-tab-title plus-accordion-header no text-left\" data-tab=\"3\" aria-controls=\"elementor-tab-content-2453\"\t\t\t\t\t>\r\n\t\t\t\t\t\t\t\t\t\t\t\r\n\t\t\t\t\t\t<span style=\"width:100%\">Music theory<br>Wednesday 11:15 AM - 12:00 PM<\/span>\t\t\t\t\t\t<span class=\"elementor-accordion-icon elementor-accordion-icon-right\" aria-hidden=\"true\"><i class=\"elementor-accordion-icon-closed fa fa-plus\"><\/i><i class=\"elementor-accordion-icon-opened fa fa-minus\"><\/i><\/span>\t\t\t\t\t<\/div>\r\n\r\n\t\t\t\t\t\t\t\t\t\t\t<div \r\n\t\t\t\t\t\tid=\"elementor-tab-content-2453\" class=\"elementor-tab-content elementor-clearfix plus-accordion-content no\" data-tab=\"3\" role=\"tabpanel\" aria-labelledby=\"elementor-tab-title-2453\"\t\t\t\t\t\t> \r\n\t\t\t\t\t\t\t\t\t\t<div class=\"plus-content-editor\" >Musical education is an essential complementary field to instrumental learning. It develops the ear, inner listening, and rhythmic sense in a playful and lively manner through exercises in reading, dictations, and solfeggio singing.\n<br>\n<u>Age: From 4th Grade (Harmos)<\/u><\/div>\t\t\t\t\t\r\n\t\t\t\t\t\t<\/div> \r\n\t\t\t\t\t\t\t\t\t\t\r\n\t\t\t\t<\/div> \r\n\t\t\t\t\r\n\t\t<\/div>  \r\n\t\t\t\t\t\t<\/div>\n\t\t\t\t<\/div>\n\t\t\t\t\t<\/div>\n\t\t<\/div>\n\t\t\t\t\t<\/div>\n\t\t<\/section>\n\t\t\t\t\t<\/div>\n\t\t<\/div>\n\t\t\t\t\t<\/div>\n\t\t<\/section>\n\t\t\t\t<section class=\"elementor-section elementor-top-section elementor-element elementor-element-a6a5b50 elementor-section-boxed elementor-section-height-default elementor-section-height-default\" data-id=\"a6a5b50\" data-element_type=\"section\" data-settings=\"{&quot;background_background&quot;:&quot;classic&quot;}\">\n\t\t\t\t\t\t<div class=\"elementor-container elementor-column-gap-no\">\n\t\t\t\t\t<div class=\"elementor-column elementor-col-33 elementor-top-column elementor-element elementor-element-9a84b9c\" data-id=\"9a84b9c\" data-element_type=\"column\" data-settings=\"{&quot;background_background&quot;:&quot;classic&quot;}\">\n\t\t\t<div class=\"elementor-widget-wrap elementor-element-populated\">\n\t\t\t\t\t\t<div class=\"elementor-element elementor-element-a661793 elementor-view-default elementor-widget elementor-widget-icon\" data-id=\"a661793\" data-element_type=\"widget\" data-widget_type=\"icon.default\">\n\t\t\t\t<div class=\"elementor-widget-container\">\n\t\t\t\t\t\t\t<div class=\"elementor-icon-wrapper\">\n\t\t\t<div class=\"elementor-icon\">\n\t\t\t<i aria-hidden=\"true\" class=\"fas fa-circle\"><\/i>\t\t\t<\/div>\n\t\t<\/div>\n\t\t\t\t\t\t<\/div>\n\t\t\t\t<\/div>\n\t\t\t\t<div class=\"elementor-element elementor-element-27d8323 elementor-widget elementor-widget-heading\" data-id=\"27d8323\" data-element_type=\"widget\" data-widget_type=\"heading.default\">\n\t\t\t\t<div class=\"elementor-widget-container\">\n\t\t\t\t\t<h2 class=\"elementor-heading-title elementor-size-default\">lessons<\/h2>\t\t\t\t<\/div>\n\t\t\t\t<\/div>\n\t\t\t\t<div class=\"elementor-element elementor-element-b2aa81b elementor-align-center elementor-widget elementor-widget-button\" data-id=\"b2aa81b\" data-element_type=\"widget\" data-widget_type=\"button.default\">\n\t\t\t\t<div class=\"elementor-widget-container\">\n\t\t\t\t\t\t\t\t\t<div class=\"elementor-button-wrapper\">\n\t\t\t\t\t<a class=\"elementor-button elementor-button-link elementor-size-sm\" href=\"https:\/\/emsge.ch\/en\/#les-cours\">\n\t\t\t\t\t\t<span class=\"elementor-button-content-wrapper\">\n\t\t\t\t\t\t\t\t\t<span class=\"elementor-button-text\">See more<\/span>\n\t\t\t\t\t<\/span>\n\t\t\t\t\t<\/a>\n\t\t\t\t<\/div>\n\t\t\t\t\t\t\t\t<\/div>\n\t\t\t\t<\/div>\n\t\t\t\t\t<\/div>\n\t\t<\/div>\n\t\t\t\t<div class=\"elementor-column elementor-col-33 elementor-top-column elementor-element elementor-element-d93e876\" data-id=\"d93e876\" data-element_type=\"column\" data-settings=\"{&quot;background_background&quot;:&quot;classic&quot;}\">\n\t\t\t<div class=\"elementor-widget-wrap elementor-element-populated\">\n\t\t\t\t\t\t<div class=\"elementor-element elementor-element-a218000 elementor-view-default elementor-widget elementor-widget-icon\" data-id=\"a218000\" data-element_type=\"widget\" data-widget_type=\"icon.default\">\n\t\t\t\t<div class=\"elementor-widget-container\">\n\t\t\t\t\t\t\t<div class=\"elementor-icon-wrapper\">\n\t\t\t<div class=\"elementor-icon\">\n\t\t\t<i aria-hidden=\"true\" class=\"fas fa-circle\"><\/i>\t\t\t<\/div>\n\t\t<\/div>\n\t\t\t\t\t\t<\/div>\n\t\t\t\t<\/div>\n\t\t\t\t<div class=\"elementor-element elementor-element-2482d6b elementor-widget elementor-widget-heading\" data-id=\"2482d6b\" data-element_type=\"widget\" data-widget_type=\"heading.default\">\n\t\t\t\t<div class=\"elementor-widget-container\">\n\t\t\t\t\t<h2 class=\"elementor-heading-title elementor-size-default\">Contact<\/h2>\t\t\t\t<\/div>\n\t\t\t\t<\/div>\n\t\t\t\t<div class=\"elementor-element elementor-element-24498b4 elementor-widget elementor-widget-heading\" data-id=\"24498b4\" data-element_type=\"widget\" data-widget_type=\"heading.default\">\n\t\t\t\t<div class=\"elementor-widget-container\">\n\t\t\t\t\t<h2 class=\"elementor-heading-title elementor-size-default\"><a href=\"mailto:luisa@emsge.ch\"> luisa@emsge.ch <\/a><br>\n<a href=\"tel:0764967923\"> +41 (0)76 496 79 23 <\/a>\n<\/h2>\t\t\t\t<\/div>\n\t\t\t\t<\/div>\n\t\t\t\t\t<\/div>\n\t\t<\/div>\n\t\t\t\t<div class=\"elementor-column elementor-col-33 elementor-top-column elementor-element elementor-element-def17bb\" data-id=\"def17bb\" data-element_type=\"column\" data-settings=\"{&quot;background_background&quot;:&quot;classic&quot;}\">\n\t\t\t<div class=\"elementor-widget-wrap elementor-element-populated\">\n\t\t\t\t\t\t<div class=\"elementor-element elementor-element-8041fef elementor-view-default elementor-widget elementor-widget-icon\" data-id=\"8041fef\" data-element_type=\"widget\" data-widget_type=\"icon.default\">\n\t\t\t\t<div class=\"elementor-widget-container\">\n\t\t\t\t\t\t\t<div class=\"elementor-icon-wrapper\">\n\t\t\t<div class=\"elementor-icon\">\n\t\t\t<i aria-hidden=\"true\" class=\"fas fa-circle\"><\/i>\t\t\t<\/div>\n\t\t<\/div>\n\t\t\t\t\t\t<\/div>\n\t\t\t\t<\/div>\n\t\t\t\t<div class=\"elementor-element elementor-element-3789ccd elementor-widget elementor-widget-heading\" data-id=\"3789ccd\" data-element_type=\"widget\" data-widget_type=\"heading.default\">\n\t\t\t\t<div class=\"elementor-widget-container\">\n\t\t\t\t\t<h2 class=\"elementor-heading-title elementor-size-default\">Registration<\/h2>\t\t\t\t<\/div>\n\t\t\t\t<\/div>\n\t\t\t\t<div class=\"elementor-element elementor-element-9526764 elementor-align-center elementor-widget elementor-widget-button\" data-id=\"9526764\" data-element_type=\"widget\" data-widget_type=\"button.default\">\n\t\t\t\t<div class=\"elementor-widget-container\">\n\t\t\t\t\t\t\t\t\t<div class=\"elementor-button-wrapper\">\n\t\t\t\t\t<a class=\"elementor-button elementor-button-link elementor-size-sm\" href=\"https:\/\/emsge.ch\/en\/inscription\/\">\n\t\t\t\t\t\t<span class=\"elementor-button-content-wrapper\">\n\t\t\t\t\t\t\t\t\t<span class=\"elementor-button-text\">Registration form<\/span>\n\t\t\t\t\t<\/span>\n\t\t\t\t\t<\/a>\n\t\t\t\t<\/div>\n\t\t\t\t\t\t\t\t<\/div>\n\t\t\t\t<\/div>\n\t\t\t\t\t<\/div>\n\t\t<\/div>\n\t\t\t\t\t<\/div>\n\t\t<\/section>\n\t\t\t\t<\/div>","protected":false},"excerpt":{"rendered":"<p>Professeure de Luisa Florez Luisa Florez re\u00e7oit sa formation musicale, vocale et universitaire \u00e0 Medellin, en Colombie. Son Bachelor en Musique et direction de ch\u0153ur et d&rsquo;orchestre en poche, elle s&rsquo;envole pour la Suisse. Elle poursuit ses \u00e9tudes \u00e0 la Haute Ecole de Musique de Gen\u00e8ve o\u00f9, en 2013, elle obtient son Master of Arts [&hellip;]<\/p>","protected":false},"author":1,"featured_media":0,"parent":0,"menu_order":0,"comment_status":"closed","ping_status":"closed","template":"elementor_header_footer","meta":{"footnotes":""},"class_list":["post-30028","page","type-page","status-publish","hentry"],"yoast_head":"<!-- This site is optimized with the Yoast SEO plugin v24.3 - https:\/\/yoast.com\/wordpress\/plugins\/seo\/ -->\n<title>Solf\u00e8ge - EMSGE<\/title>\n<meta name=\"robots\" content=\"index, follow, max-snippet:-1, max-image-preview:large, max-video-preview:-1\" \/>\n<link rel=\"canonical\" href=\"https:\/\/emsge.ch\/en\/cours-de-solfege-geneve\/\" \/>\n<meta property=\"og:locale\" content=\"en_GB\" \/>\n<meta property=\"og:type\" content=\"article\" \/>\n<meta property=\"og:title\" content=\"Solf\u00e8ge - EMSGE\" \/>\n<meta property=\"og:description\" content=\"Professeure de Luisa Florez Luisa Florez re\u00e7oit sa formation musicale, vocale et universitaire \u00e0 Medellin, en Colombie. Son Bachelor en Musique et direction de ch\u0153ur et d&rsquo;orchestre en poche, elle s&rsquo;envole pour la Suisse. Elle poursuit ses \u00e9tudes \u00e0 la Haute Ecole de Musique de Gen\u00e8ve o\u00f9, en 2013, elle obtient son Master of Arts [&hellip;]\" \/>\n<meta property=\"og:url\" content=\"https:\/\/emsge.ch\/en\/cours-de-solfege-geneve\/\" \/>\n<meta property=\"og:site_name\" content=\"EMSGE\" \/>\n<meta property=\"article:publisher\" content=\"https:\/\/www.facebook.com\/emsge17\/\" \/>\n<meta property=\"article:modified_time\" content=\"2024-05-06T11:27:46+00:00\" \/>\n<meta property=\"og:image\" content=\"https:\/\/emsge.ch\/wp-content\/uploads\/2024\/04\/EMSG-solfege-FR.svg\" \/>\n<meta name=\"twitter:card\" content=\"summary_large_image\" \/>\n<meta name=\"twitter:label1\" content=\"Estimated reading time\" \/>\n\t<meta name=\"twitter:data1\" content=\"3 minutes\" \/>\n<script type=\"application\/ld+json\" class=\"yoast-schema-graph\">{\"@context\":\"https:\/\/schema.org\",\"@graph\":[{\"@type\":\"WebPage\",\"@id\":\"https:\/\/emsge.ch\/cours-de-solfege-geneve\/\",\"url\":\"https:\/\/emsge.ch\/cours-de-solfege-geneve\/\",\"name\":\"Solf\u00e8ge - EMSGE\",\"isPartOf\":{\"@id\":\"https:\/\/emsge.ch\/#website\"},\"primaryImageOfPage\":{\"@id\":\"https:\/\/emsge.ch\/cours-de-solfege-geneve\/#primaryimage\"},\"image\":{\"@id\":\"https:\/\/emsge.ch\/cours-de-solfege-geneve\/#primaryimage\"},\"thumbnailUrl\":\"https:\/\/emsge.ch\/wp-content\/uploads\/2024\/04\/EMSG-solfege-FR.svg\",\"datePublished\":\"2024-04-11T20:20:22+00:00\",\"dateModified\":\"2024-05-06T11:27:46+00:00\",\"breadcrumb\":{\"@id\":\"https:\/\/emsge.ch\/cours-de-solfege-geneve\/#breadcrumb\"},\"inLanguage\":\"en-GB\",\"potentialAction\":[{\"@type\":\"ReadAction\",\"target\":[\"https:\/\/emsge.ch\/cours-de-solfege-geneve\/\"]}]},{\"@type\":\"ImageObject\",\"inLanguage\":\"en-GB\",\"@id\":\"https:\/\/emsge.ch\/cours-de-solfege-geneve\/#primaryimage\",\"url\":\"https:\/\/emsge.ch\/wp-content\/uploads\/2024\/04\/EMSG-solfege-FR.svg\",\"contentUrl\":\"https:\/\/emsge.ch\/wp-content\/uploads\/2024\/04\/EMSG-solfege-FR.svg\"},{\"@type\":\"BreadcrumbList\",\"@id\":\"https:\/\/emsge.ch\/cours-de-solfege-geneve\/#breadcrumb\",\"itemListElement\":[{\"@type\":\"ListItem\",\"position\":1,\"name\":\"Accueil\",\"item\":\"https:\/\/emsge.ch\/\"},{\"@type\":\"ListItem\",\"position\":2,\"name\":\"Solf\u00e8ge\"}]},{\"@type\":\"WebSite\",\"@id\":\"https:\/\/emsge.ch\/#website\",\"url\":\"https:\/\/emsge.ch\/\",\"name\":\"EMSGE - \u00c9cole de Musique Suzuki\",\"description\":\"\u00c9cole de musique Suzuki Gen\u00e8ve\",\"publisher\":{\"@id\":\"https:\/\/emsge.ch\/#organization\"},\"alternateName\":\"EMSGE\",\"potentialAction\":[{\"@type\":\"SearchAction\",\"target\":{\"@type\":\"EntryPoint\",\"urlTemplate\":\"https:\/\/emsge.ch\/?s={search_term_string}\"},\"query-input\":{\"@type\":\"PropertyValueSpecification\",\"valueRequired\":true,\"valueName\":\"search_term_string\"}}],\"inLanguage\":\"en-GB\"},{\"@type\":\"Organization\",\"@id\":\"https:\/\/emsge.ch\/#organization\",\"name\":\"EMSGE - \u00c9cole de Musique Suzuki\",\"alternateName\":\"EMSGE\",\"url\":\"https:\/\/emsge.ch\/\",\"logo\":{\"@type\":\"ImageObject\",\"inLanguage\":\"en-GB\",\"@id\":\"https:\/\/emsge.ch\/#\/schema\/logo\/image\/\",\"url\":\"https:\/\/emsge.ch\/wp-content\/uploads\/2023\/02\/EMSG-Logo-V2.svg\",\"contentUrl\":\"https:\/\/emsge.ch\/wp-content\/uploads\/2023\/02\/EMSG-Logo-V2.svg\",\"width\":250,\"height\":161,\"caption\":\"EMSGE - \u00c9cole de Musique Suzuki\"},\"image\":{\"@id\":\"https:\/\/emsge.ch\/#\/schema\/logo\/image\/\"},\"sameAs\":[\"https:\/\/www.facebook.com\/emsge17\/\"]}]}<\/script>\n<!-- \/ Yoast SEO plugin. -->","yoast_head_json":{"title":"Solf\u00e8ge - EMSGE","robots":{"index":"index","follow":"follow","max-snippet":"max-snippet:-1","max-image-preview":"max-image-preview:large","max-video-preview":"max-video-preview:-1"},"canonical":"https:\/\/emsge.ch\/en\/cours-de-solfege-geneve\/","og_locale":"en_GB","og_type":"article","og_title":"Solf\u00e8ge - EMSGE","og_description":"Professeure de Luisa Florez Luisa Florez re\u00e7oit sa formation musicale, vocale et universitaire \u00e0 Medellin, en Colombie. Son Bachelor en Musique et direction de ch\u0153ur et d&rsquo;orchestre en poche, elle s&rsquo;envole pour la Suisse. Elle poursuit ses \u00e9tudes \u00e0 la Haute Ecole de Musique de Gen\u00e8ve o\u00f9, en 2013, elle obtient son Master of Arts [&hellip;]","og_url":"https:\/\/emsge.ch\/en\/cours-de-solfege-geneve\/","og_site_name":"EMSGE","article_publisher":"https:\/\/www.facebook.com\/emsge17\/","article_modified_time":"2024-05-06T11:27:46+00:00","og_image":[{"url":"https:\/\/emsge.ch\/wp-content\/uploads\/2024\/04\/EMSG-solfege-FR.svg","type":"","width":"","height":""}],"twitter_card":"summary_large_image","twitter_misc":{"Estimated reading time":"3 minutes"},"schema":{"@context":"https:\/\/schema.org","@graph":[{"@type":"WebPage","@id":"https:\/\/emsge.ch\/cours-de-solfege-geneve\/","url":"https:\/\/emsge.ch\/cours-de-solfege-geneve\/","name":"Solf\u00e8ge - EMSGE","isPartOf":{"@id":"https:\/\/emsge.ch\/#website"},"primaryImageOfPage":{"@id":"https:\/\/emsge.ch\/cours-de-solfege-geneve\/#primaryimage"},"image":{"@id":"https:\/\/emsge.ch\/cours-de-solfege-geneve\/#primaryimage"},"thumbnailUrl":"https:\/\/emsge.ch\/wp-content\/uploads\/2024\/04\/EMSG-solfege-FR.svg","datePublished":"2024-04-11T20:20:22+00:00","dateModified":"2024-05-06T11:27:46+00:00","breadcrumb":{"@id":"https:\/\/emsge.ch\/cours-de-solfege-geneve\/#breadcrumb"},"inLanguage":"en-GB","potentialAction":[{"@type":"ReadAction","target":["https:\/\/emsge.ch\/cours-de-solfege-geneve\/"]}]},{"@type":"ImageObject","inLanguage":"en-GB","@id":"https:\/\/emsge.ch\/cours-de-solfege-geneve\/#primaryimage","url":"https:\/\/emsge.ch\/wp-content\/uploads\/2024\/04\/EMSG-solfege-FR.svg","contentUrl":"https:\/\/emsge.ch\/wp-content\/uploads\/2024\/04\/EMSG-solfege-FR.svg"},{"@type":"BreadcrumbList","@id":"https:\/\/emsge.ch\/cours-de-solfege-geneve\/#breadcrumb","itemListElement":[{"@type":"ListItem","position":1,"name":"Accueil","item":"https:\/\/emsge.ch\/"},{"@type":"ListItem","position":2,"name":"Solf\u00e8ge"}]},{"@type":"WebSite","@id":"https:\/\/emsge.ch\/#website","url":"https:\/\/emsge.ch\/","name":"EMSGE - \u00c9cole de Musique Suzuki","description":"\u00c9cole de musique Suzuki Gen\u00e8ve","publisher":{"@id":"https:\/\/emsge.ch\/#organization"},"alternateName":"EMSGE","potentialAction":[{"@type":"SearchAction","target":{"@type":"EntryPoint","urlTemplate":"https:\/\/emsge.ch\/?s={search_term_string}"},"query-input":{"@type":"PropertyValueSpecification","valueRequired":true,"valueName":"search_term_string"}}],"inLanguage":"en-GB"},{"@type":"Organization","@id":"https:\/\/emsge.ch\/#organization","name":"EMSGE - \u00c9cole de Musique Suzuki","alternateName":"EMSGE","url":"https:\/\/emsge.ch\/","logo":{"@type":"ImageObject","inLanguage":"en-GB","@id":"https:\/\/emsge.ch\/#\/schema\/logo\/image\/","url":"https:\/\/emsge.ch\/wp-content\/uploads\/2023\/02\/EMSG-Logo-V2.svg","contentUrl":"https:\/\/emsge.ch\/wp-content\/uploads\/2023\/02\/EMSG-Logo-V2.svg","width":250,"height":161,"caption":"EMSGE - \u00c9cole de Musique Suzuki"},"image":{"@id":"https:\/\/emsge.ch\/#\/schema\/logo\/image\/"},"sameAs":["https:\/\/www.facebook.com\/emsge17\/"]}]}},"_links":{"self":[{"href":"https:\/\/emsge.ch\/en\/wp-json\/wp\/v2\/pages\/30028","targetHints":{"allow":["GET"]}}],"collection":[{"href":"https:\/\/emsge.ch\/en\/wp-json\/wp\/v2\/pages"}],"about":[{"href":"https:\/\/emsge.ch\/en\/wp-json\/wp\/v2\/types\/page"}],"author":[{"embeddable":true,"href":"https:\/\/emsge.ch\/en\/wp-json\/wp\/v2\/users\/1"}],"replies":[{"embeddable":true,"href":"https:\/\/emsge.ch\/en\/wp-json\/wp\/v2\/comments?post=30028"}],"version-history":[{"count":40,"href":"https:\/\/emsge.ch\/en\/wp-json\/wp\/v2\/pages\/30028\/revisions"}],"predecessor-version":[{"id":30176,"href":"https:\/\/emsge.ch\/en\/wp-json\/wp\/v2\/pages\/30028\/revisions\/30176"}],"wp:attachment":[{"href":"https:\/\/emsge.ch\/en\/wp-json\/wp\/v2\/media?parent=30028"}],"curies":[{"name":"wp","href":"https:\/\/api.w.org\/{rel}","templated":true}]}}